{"id":13761,"date":"2023-07-18T11:40:42","date_gmt":"2023-07-18T11:40:42","guid":{"rendered":"https:\/\/carma.com\/o-que-e-relevante-para-as-rp\/"},"modified":"2023-07-18T11:40:43","modified_gmt":"2023-07-18T11:40:43","slug":"o-que-e-relevante-para-as-rp","status":"publish","type":"page","link":"https:\/\/carma.com\/pt-pt\/o-que-e-relevante-para-as-rp\/","title":{"rendered":"O que \u00e9 relevante para as RP?"},"content":{"rendered":"\t\t<div data-elementor-type=\"wp-page\" data-elementor-id=\"13761\" class=\"elementor elementor-13761\" data-elementor-post-type=\"page\">\n\t\t\t\t\t\t<section class=\"elementor-section elementor-top-section elementor-element elementor-element-8cd3d2d elementor-section-boxed elementor-section-height-default elementor-section-height-default\" data-id=\"8cd3d2d\" data-element_type=\"section\">\n\t\t\t\t\t\t<div class=\"elementor-container elementor-column-gap-default\">\n\t\t\t\t\t<div class=\"elementor-column elementor-col-50 elementor-top-column elementor-element elementor-element-6d56c9e1\" data-id=\"6d56c9e1\" data-element_type=\"column\">\n\t\t\t<div class=\"elementor-widget-wrap elementor-element-populated\">\n\t\t\t\t\t\t<div class=\"elementor-element elementor-element-68b2c34 elementor-widget elementor-widget-heading\" data-id=\"68b2c34\" data-element_type=\"widget\" data-widget_type=\"heading.default\">\n\t\t\t\t<div class=\"elementor-widget-container\">\n\t\t\t\t\t<p class=\"elementor-heading-title elementor-size-default\"><a href=\"https:\/\/carma.com\/pt-pt\/blog\/\">The Measurement Standard<\/a><\/p>\t\t\t\t<\/div>\n\t\t\t\t<\/div>\n\t\t\t\t<div class=\"elementor-element elementor-element-1ff2c573 elementor-widget elementor-widget-heading\" data-id=\"1ff2c573\" data-element_type=\"widget\" data-widget_type=\"heading.default\">\n\t\t\t\t<div class=\"elementor-widget-container\">\n\t\t\t\t\t<p class=\"elementor-heading-title elementor-size-default\">Explorar os desafios e oportunidades aos quais, os profissionais de comunica\u00e7\u00e3o, l\u00edderes de RP e decisores de hoje, mais d\u00e3o import\u00e2ncia.<\/p>\t\t\t\t<\/div>\n\t\t\t\t<\/div>\n\t\t\t\t\t<\/div>\n\t\t<\/div>\n\t\t\t\t<div class=\"elementor-column elementor-col-50 elementor-top-column elementor-element elementor-element-497a5662 elementor-hidden-phone\" data-id=\"497a5662\" data-element_type=\"column\">\n\t\t\t<div class=\"elementor-widget-wrap elementor-element-populated\">\n\t\t\t\t\t\t<div class=\"elementor-element elementor-element-10aee66 elementor-widget elementor-widget-image\" data-id=\"10aee66\" data-element_type=\"widget\" data-widget_type=\"image.default\">\n\t\t\t\t<div class=\"elementor-widget-container\">\n\t\t\t\t\t\t\t\t\t\t\t\t\t\t\t\t<a href=\"https:\/\/carma.com\/pt-pt\/newsletter\/\">\n\t\t\t\t\t\t\t<img fetchpriority=\"high\" decoding=\"async\" width=\"800\" height=\"800\" src=\"https:\/\/carma.com\/wp-content\/uploads\/2021\/12\/Subscribe-PT-1.svg\" class=\"elementor-animation-grow attachment-large size-large wp-image-2781\" alt=\"Subscribe o blogue &quot;The Measurement Standard&quot;\" \/>\t\t\t\t\t\t\t\t<\/a>\n\t\t\t\t\t\t\t\t\t\t\t\t\t\t\t<\/div>\n\t\t\t\t<\/div>\n\t\t\t\t\t<\/div>\n\t\t<\/div>\n\t\t\t\t\t<\/div>\n\t\t<\/section>\n\t\t\t\t<section class=\"elementor-section elementor-top-section elementor-element elementor-element-6efd53e4 elementor-section-boxed elementor-section-height-default elementor-section-height-default\" data-id=\"6efd53e4\" data-element_type=\"section\">\n\t\t\t\t\t\t<div class=\"elementor-container elementor-column-gap-default\">\n\t\t\t\t\t<div class=\"elementor-column elementor-col-100 elementor-top-column elementor-element elementor-element-bde98ba\" data-id=\"bde98ba\" data-element_type=\"column\">\n\t\t\t<div class=\"elementor-widget-wrap elementor-element-populated\">\n\t\t\t\t\t\t<div class=\"elementor-element elementor-element-37f7050e elementor-grid-3 elementor-grid-tablet-2 elementor-grid-mobile-1 elementor-posts--thumbnail-top elementor-widget elementor-widget-posts\" data-id=\"37f7050e\" data-element_type=\"widget\" data-settings=\"{&quot;classic_row_gap&quot;:{&quot;unit&quot;:&quot;px&quot;,&quot;size&quot;:100,&quot;sizes&quot;:[]},&quot;classic_columns&quot;:&quot;3&quot;,&quot;classic_columns_tablet&quot;:&quot;2&quot;,&quot;classic_columns_mobile&quot;:&quot;1&quot;,&quot;classic_row_gap_tablet&quot;:{&quot;unit&quot;:&quot;px&quot;,&quot;size&quot;:&quot;&quot;,&quot;sizes&quot;:[]},&quot;classic_row_gap_mobile&quot;:{&quot;unit&quot;:&quot;px&quot;,&quot;size&quot;:&quot;&quot;,&quot;sizes&quot;:[]}}\" data-widget_type=\"posts.classic\">\n\t\t\t\t<div class=\"elementor-widget-container\">\n\t\t\t\t\t\t\t<div class=\"elementor-posts-container elementor-posts elementor-posts--skin-classic elementor-grid\">\n\t\t\t\t<article class=\"elementor-post elementor-grid-item post-25252 tms type-tms status-publish has-post-thumbnail hentry tag-what-matters-in-pr the_measurement_standard-what-matters-in-pr creator-divika-jethmal\">\n\t\t\t\t<a class=\"elementor-post__thumbnail__link\" href=\"https:\/\/carma.com\/pt-pt\/tms\/what-matters-in-pr-syed-mohammed-idid-west-coast-expressway\/\" tabindex=\"-1\" >\n\t\t\t<div class=\"elementor-post__thumbnail\"><img decoding=\"async\" width=\"2096\" height=\"600\" src=\"https:\/\/carma.com\/wp-content\/uploads\/2026\/02\/What-Matters-In-PR-4.jpg\" class=\"attachment-full size-full wp-image-25253\" alt=\"\" srcset=\"https:\/\/carma.com\/wp-content\/uploads\/2026\/02\/What-Matters-In-PR-4.jpg 2096w, https:\/\/carma.com\/wp-content\/uploads\/2026\/02\/What-Matters-In-PR-4-300x86.jpg 300w, https:\/\/carma.com\/wp-content\/uploads\/2026\/02\/What-Matters-In-PR-4-1024x293.jpg 1024w, https:\/\/carma.com\/wp-content\/uploads\/2026\/02\/What-Matters-In-PR-4-768x220.jpg 768w, https:\/\/carma.com\/wp-content\/uploads\/2026\/02\/What-Matters-In-PR-4-1536x440.jpg 1536w, https:\/\/carma.com\/wp-content\/uploads\/2026\/02\/What-Matters-In-PR-4-2048x586.jpg 2048w\" sizes=\"(max-width: 2096px) 100vw, 2096px\" \/><\/div>\n\t\t<\/a>\n\t\t\t\t<div class=\"elementor-post__text\">\n\t\t\t\t<h3 class=\"elementor-post__title\">\n\t\t\t<a href=\"https:\/\/carma.com\/pt-pt\/tms\/what-matters-in-pr-syed-mohammed-idid-west-coast-expressway\/\" >\n\t\t\t\tWhat Matters in PR? With Syed Mohammed Idid, West Coast Expressway\t\t\t<\/a>\n\t\t<\/h3>\n\t\t\t\t<div class=\"elementor-post__meta-data\">\n\t\t\t\t\t<span class=\"elementor-post-date\">\n\t\t\t4 de Fevereiro, 2026\t\t<\/span>\n\t\t\t\t<\/div>\n\t\t\t\t<div class=\"elementor-post__excerpt\">\n\t\t\t<p>\u201cWhat Matters in PR\u201d shines the spotlight on PR leaders in the industry. We speak with Syed Mohammed Idid, General Manager, Strategic Communications &amp; Stakeholder<\/p>\n\t\t<\/div>\n\t\t\n\t\t<a class=\"elementor-post__read-more\" href=\"https:\/\/carma.com\/pt-pt\/tms\/what-matters-in-pr-syed-mohammed-idid-west-coast-expressway\/\" aria-label=\"Read more about What Matters in PR? With Syed Mohammed Idid, West Coast Expressway\" tabindex=\"-1\" >\n\t\t\tLeia o artigo\t\t<\/a>\n\n\t\t\t\t<\/div>\n\t\t\t\t<\/article>\n\t\t\t\t<article class=\"elementor-post elementor-grid-item post-22508 tms type-tms status-publish has-post-thumbnail hentry tag-what-matters-in-pr the_measurement_standard-what-matters-in-pr creator-divika-jethmal\">\n\t\t\t\t<a class=\"elementor-post__thumbnail__link\" href=\"https:\/\/carma.com\/pt-pt\/tms\/what-matters-in-pr-with-ron-jabal-pageone-group\/\" tabindex=\"-1\" >\n\t\t\t<div class=\"elementor-post__thumbnail\"><img decoding=\"async\" width=\"2096\" height=\"600\" src=\"https:\/\/carma.com\/wp-content\/uploads\/2025\/06\/What-Matters-In-PR-3.jpg\" class=\"attachment-full size-full wp-image-22509\" alt=\"\" srcset=\"https:\/\/carma.com\/wp-content\/uploads\/2025\/06\/What-Matters-In-PR-3.jpg 2096w, https:\/\/carma.com\/wp-content\/uploads\/2025\/06\/What-Matters-In-PR-3-300x86.jpg 300w, https:\/\/carma.com\/wp-content\/uploads\/2025\/06\/What-Matters-In-PR-3-1024x293.jpg 1024w, https:\/\/carma.com\/wp-content\/uploads\/2025\/06\/What-Matters-In-PR-3-768x220.jpg 768w, https:\/\/carma.com\/wp-content\/uploads\/2025\/06\/What-Matters-In-PR-3-1536x440.jpg 1536w, https:\/\/carma.com\/wp-content\/uploads\/2025\/06\/What-Matters-In-PR-3-2048x586.jpg 2048w\" sizes=\"(max-width: 2096px) 100vw, 2096px\" \/><\/div>\n\t\t<\/a>\n\t\t\t\t<div class=\"elementor-post__text\">\n\t\t\t\t<h3 class=\"elementor-post__title\">\n\t\t\t<a href=\"https:\/\/carma.com\/pt-pt\/tms\/what-matters-in-pr-with-ron-jabal-pageone-group\/\" >\n\t\t\t\tWhat Matters in PR? With Ron Jabal, PAGEONE Group Founder and CEO\t\t\t<\/a>\n\t\t<\/h3>\n\t\t\t\t<div class=\"elementor-post__meta-data\">\n\t\t\t\t\t<span class=\"elementor-post-date\">\n\t\t\t2 de Junho, 2025\t\t<\/span>\n\t\t\t\t<\/div>\n\t\t\t\t<div class=\"elementor-post__excerpt\">\n\t\t\t<p>\u201cWhat Matters in PR\u201d shines the spotlight on PR leaders in the industry. We speak with Ron Jabal, Founder and CEO of PAGEONE Group Philippines,<\/p>\n\t\t<\/div>\n\t\t\n\t\t<a class=\"elementor-post__read-more\" href=\"https:\/\/carma.com\/pt-pt\/tms\/what-matters-in-pr-with-ron-jabal-pageone-group\/\" aria-label=\"Read more about What Matters in PR? With Ron Jabal, PAGEONE Group Founder and CEO\" tabindex=\"-1\" >\n\t\t\tLeia o artigo\t\t<\/a>\n\n\t\t\t\t<\/div>\n\t\t\t\t<\/article>\n\t\t\t\t<article class=\"elementor-post elementor-grid-item post-21943 tms type-tms status-publish has-post-thumbnail hentry tag-what-matters-in-pr the_measurement_standard-what-matters-in-pr creator-divika-jethmal\">\n\t\t\t\t<a class=\"elementor-post__thumbnail__link\" href=\"https:\/\/carma.com\/pt-pt\/tms\/what-matters-in-pr-lavanya-wadgaonkar-nissan\/\" tabindex=\"-1\" >\n\t\t\t<div class=\"elementor-post__thumbnail\"><img loading=\"lazy\" decoding=\"async\" width=\"2096\" height=\"600\" src=\"https:\/\/carma.com\/wp-content\/uploads\/2025\/03\/What-Matters-In-PR-1.jpg\" class=\"attachment-full size-full wp-image-21944\" alt=\"\" srcset=\"https:\/\/carma.com\/wp-content\/uploads\/2025\/03\/What-Matters-In-PR-1.jpg 2096w, https:\/\/carma.com\/wp-content\/uploads\/2025\/03\/What-Matters-In-PR-1-300x86.jpg 300w, https:\/\/carma.com\/wp-content\/uploads\/2025\/03\/What-Matters-In-PR-1-1024x293.jpg 1024w, https:\/\/carma.com\/wp-content\/uploads\/2025\/03\/What-Matters-In-PR-1-768x220.jpg 768w, https:\/\/carma.com\/wp-content\/uploads\/2025\/03\/What-Matters-In-PR-1-1536x440.jpg 1536w, https:\/\/carma.com\/wp-content\/uploads\/2025\/03\/What-Matters-In-PR-1-2048x586.jpg 2048w\" sizes=\"(max-width: 2096px) 100vw, 2096px\" \/><\/div>\n\t\t<\/a>\n\t\t\t\t<div class=\"elementor-post__text\">\n\t\t\t\t<h3 class=\"elementor-post__title\">\n\t\t\t<a href=\"https:\/\/carma.com\/pt-pt\/tms\/what-matters-in-pr-lavanya-wadgaonkar-nissan\/\" >\n\t\t\t\tWhat Matters in PR? With Lavanya Wadgaonkar, Nissan\t\t\t<\/a>\n\t\t<\/h3>\n\t\t\t\t<div class=\"elementor-post__meta-data\">\n\t\t\t\t\t<span class=\"elementor-post-date\">\n\t\t\t17 de Mar\u00e7o, 2025\t\t<\/span>\n\t\t\t\t<\/div>\n\t\t\t\t<div class=\"elementor-post__excerpt\">\n\t\t\t<p>\u201cWhat Matters in PR\u201d shines the spotlight on PR leaders in the industry. We speak with Lavanya Wadgaonkar, Chief Communications Officer at Nissan Motor Corporation.<\/p>\n\t\t<\/div>\n\t\t\n\t\t<a class=\"elementor-post__read-more\" href=\"https:\/\/carma.com\/pt-pt\/tms\/what-matters-in-pr-lavanya-wadgaonkar-nissan\/\" aria-label=\"Read more about What Matters in PR? With Lavanya Wadgaonkar, Nissan\" tabindex=\"-1\" >\n\t\t\tLeia o artigo\t\t<\/a>\n\n\t\t\t\t<\/div>\n\t\t\t\t<\/article>\n\t\t\t\t<article class=\"elementor-post elementor-grid-item post-18397 tms type-tms status-publish has-post-thumbnail hentry tag-what-matters-in-pr the_measurement_standard-what-matters-in-pr creator-divika-jethmal\">\n\t\t\t\t<a class=\"elementor-post__thumbnail__link\" href=\"https:\/\/carma.com\/pt-pt\/tms\/what-matters-in-pr-nik-pearson-honda\/\" tabindex=\"-1\" >\n\t\t\t<div class=\"elementor-post__thumbnail\"><img loading=\"lazy\" decoding=\"async\" width=\"1572\" height=\"450\" src=\"https:\/\/carma.com\/wp-content\/uploads\/2023\/08\/MicrosoftTeams-image-286.jpg\" class=\"attachment-full size-full wp-image-18673\" alt=\"\" srcset=\"https:\/\/carma.com\/wp-content\/uploads\/2023\/08\/MicrosoftTeams-image-286.jpg 1572w, https:\/\/carma.com\/wp-content\/uploads\/2023\/08\/MicrosoftTeams-image-286-300x86.jpg 300w, https:\/\/carma.com\/wp-content\/uploads\/2023\/08\/MicrosoftTeams-image-286-1024x293.jpg 1024w, https:\/\/carma.com\/wp-content\/uploads\/2023\/08\/MicrosoftTeams-image-286-768x220.jpg 768w, https:\/\/carma.com\/wp-content\/uploads\/2023\/08\/MicrosoftTeams-image-286-1536x440.jpg 1536w\" sizes=\"(max-width: 1572px) 100vw, 1572px\" \/><\/div>\n\t\t<\/a>\n\t\t\t\t<div class=\"elementor-post__text\">\n\t\t\t\t<h3 class=\"elementor-post__title\">\n\t\t\t<a href=\"https:\/\/carma.com\/pt-pt\/tms\/what-matters-in-pr-nik-pearson-honda\/\" >\n\t\t\t\tWhat matters in PR? With Nik Pearson, Honda\t\t\t<\/a>\n\t\t<\/h3>\n\t\t\t\t<div class=\"elementor-post__meta-data\">\n\t\t\t\t\t<span class=\"elementor-post-date\">\n\t\t\t17 de Agosto, 2023\t\t<\/span>\n\t\t\t\t<\/div>\n\t\t\t\t<div class=\"elementor-post__excerpt\">\n\t\t\t<p>\u201cWhat Matters in PR\u201d shines the spotlight on PR leaders in the industry. We speak with Nik Pearson, Head of Corporate Communications (Automobile &amp; Sustainability)<\/p>\n\t\t<\/div>\n\t\t\n\t\t<a class=\"elementor-post__read-more\" href=\"https:\/\/carma.com\/pt-pt\/tms\/what-matters-in-pr-nik-pearson-honda\/\" aria-label=\"Read more about What matters in PR? With Nik Pearson, Honda\" tabindex=\"-1\" >\n\t\t\tLeia o artigo\t\t<\/a>\n\n\t\t\t\t<\/div>\n\t\t\t\t<\/article>\n\t\t\t\t<article class=\"elementor-post elementor-grid-item post-12805 tms type-tms status-publish has-post-thumbnail hentry tag-what-matters-in-pr the_measurement_standard-what-matters-in-pr creator-divika-jethmal\">\n\t\t\t\t<a class=\"elementor-post__thumbnail__link\" href=\"https:\/\/carma.com\/pt-pt\/tms\/what-matters-in-pr-sime-darby-plantation-nishanthi-palani\/\" tabindex=\"-1\" >\n\t\t\t<div class=\"elementor-post__thumbnail\"><img loading=\"lazy\" decoding=\"async\" width=\"2560\" height=\"912\" src=\"https:\/\/carma.com\/wp-content\/uploads\/2023\/04\/What-Matters-in-PR-3-Banner-scaled.jpg\" class=\"attachment-full size-full wp-image-12807\" alt=\"\" srcset=\"https:\/\/carma.com\/wp-content\/uploads\/2023\/04\/What-Matters-in-PR-3-Banner-scaled.jpg 2560w, https:\/\/carma.com\/wp-content\/uploads\/2023\/04\/What-Matters-in-PR-3-Banner-300x107.jpg 300w, https:\/\/carma.com\/wp-content\/uploads\/2023\/04\/What-Matters-in-PR-3-Banner-1024x365.jpg 1024w, https:\/\/carma.com\/wp-content\/uploads\/2023\/04\/What-Matters-in-PR-3-Banner-768x274.jpg 768w, https:\/\/carma.com\/wp-content\/uploads\/2023\/04\/What-Matters-in-PR-3-Banner-1536x547.jpg 1536w, https:\/\/carma.com\/wp-content\/uploads\/2023\/04\/What-Matters-in-PR-3-Banner-2048x730.jpg 2048w\" sizes=\"(max-width: 2560px) 100vw, 2560px\" \/><\/div>\n\t\t<\/a>\n\t\t\t\t<div class=\"elementor-post__text\">\n\t\t\t\t<h3 class=\"elementor-post__title\">\n\t\t\t<a href=\"https:\/\/carma.com\/pt-pt\/tms\/what-matters-in-pr-sime-darby-plantation-nishanthi-palani\/\" >\n\t\t\t\tWhat matters in PR? With Nishanthi Palani, Sime Darby Plantation\t\t\t<\/a>\n\t\t<\/h3>\n\t\t\t\t<div class=\"elementor-post__meta-data\">\n\t\t\t\t\t<span class=\"elementor-post-date\">\n\t\t\t11 de Abril, 2023\t\t<\/span>\n\t\t\t\t<\/div>\n\t\t\t\t<div class=\"elementor-post__excerpt\">\n\t\t\t<p>\u201cWhat Matters in PR\u201d shines the spotlight on PR leaders in the industry. We speak with Nishanthi Palani, Head of Strategic &amp; Digital Communications at<\/p>\n\t\t<\/div>\n\t\t\n\t\t<a class=\"elementor-post__read-more\" href=\"https:\/\/carma.com\/pt-pt\/tms\/what-matters-in-pr-sime-darby-plantation-nishanthi-palani\/\" aria-label=\"Read more about What matters in PR? With Nishanthi Palani, Sime Darby Plantation\" tabindex=\"-1\" >\n\t\t\tLeia o artigo\t\t<\/a>\n\n\t\t\t\t<\/div>\n\t\t\t\t<\/article>\n\t\t\t\t<article class=\"elementor-post elementor-grid-item post-12658 tms type-tms status-publish has-post-thumbnail hentry tag-what-matters-in-pr the_measurement_standard-what-matters-in-pr creator-divika-jethmal\">\n\t\t\t\t<a class=\"elementor-post__thumbnail__link\" href=\"https:\/\/carma.com\/pt-pt\/tms\/what-matters-in-pr-bcw-china-tom-howard\/\" tabindex=\"-1\" >\n\t\t\t<div class=\"elementor-post__thumbnail\"><img loading=\"lazy\" decoding=\"async\" width=\"2560\" height=\"912\" src=\"https:\/\/carma.com\/wp-content\/uploads\/2023\/03\/MicrosoftTeams-image-2-scaled.jpg\" class=\"attachment-full size-full wp-image-12669\" alt=\"BCW China Interview\" srcset=\"https:\/\/carma.com\/wp-content\/uploads\/2023\/03\/MicrosoftTeams-image-2-scaled.jpg 2560w, https:\/\/carma.com\/wp-content\/uploads\/2023\/03\/MicrosoftTeams-image-2-300x107.jpg 300w, https:\/\/carma.com\/wp-content\/uploads\/2023\/03\/MicrosoftTeams-image-2-1024x365.jpg 1024w, https:\/\/carma.com\/wp-content\/uploads\/2023\/03\/MicrosoftTeams-image-2-768x274.jpg 768w, https:\/\/carma.com\/wp-content\/uploads\/2023\/03\/MicrosoftTeams-image-2-1536x547.jpg 1536w, https:\/\/carma.com\/wp-content\/uploads\/2023\/03\/MicrosoftTeams-image-2-2048x730.jpg 2048w\" sizes=\"(max-width: 2560px) 100vw, 2560px\" \/><\/div>\n\t\t<\/a>\n\t\t\t\t<div class=\"elementor-post__text\">\n\t\t\t\t<h3 class=\"elementor-post__title\">\n\t\t\t<a href=\"https:\/\/carma.com\/pt-pt\/tms\/what-matters-in-pr-bcw-china-tom-howard\/\" >\n\t\t\t\tWhat matters in PR? With Thomas Howard, BCW China\t\t\t<\/a>\n\t\t<\/h3>\n\t\t\t\t<div class=\"elementor-post__meta-data\">\n\t\t\t\t\t<span class=\"elementor-post-date\">\n\t\t\t20 de Mar\u00e7o, 2023\t\t<\/span>\n\t\t\t\t<\/div>\n\t\t\t\t<div class=\"elementor-post__excerpt\">\n\t\t\t<p>\u201cWhat Matters in PR\u201d shines the spotlight on PR leaders in the industry. We speak with Thomas Howard, Senior Director, Corporate &amp; Public Affairs, BCW<\/p>\n\t\t<\/div>\n\t\t\n\t\t<a class=\"elementor-post__read-more\" href=\"https:\/\/carma.com\/pt-pt\/tms\/what-matters-in-pr-bcw-china-tom-howard\/\" aria-label=\"Read more about What matters in PR? With Thomas Howard, BCW China\" tabindex=\"-1\" >\n\t\t\tLeia o artigo\t\t<\/a>\n\n\t\t\t\t<\/div>\n\t\t\t\t<\/article>\n\t\t\t\t<\/div>\n\t\t\n\t\t\t\t\t\t<\/div>\n\t\t\t\t<\/div>\n\t\t\t\t\t<\/div>\n\t\t<\/div>\n\t\t\t\t\t<\/div>\n\t\t<\/section>\n\t\t\t\t<\/div>\n\t\t","protected":false},"excerpt":{"rendered":"<p>The Measurement Standard Explorar os desafios e oportunidades aos quais, os profissionais de comunica\u00e7\u00e3o, l\u00edderes de RP e decisores de hoje, mais d\u00e3o import\u00e2ncia.<\/p>\n","protected":false},"author":60,"featured_media":0,"parent":0,"menu_order":0,"comment_status":"closed","ping_status":"closed","template":"elementor_header_footer","meta":{"_acf_changed":false,"content-type":"","inline_featured_image":false,"footnotes":"","_links_to":"","_links_to_target":""},"class_list":["post-13761","page","type-page","status-publish","hentry"],"acf":[],"yoast_head":"<!-- This site is optimized with the Yoast SEO Premium plugin v27.1 (Yoast SEO v27.1.1) - https:\/\/yoast.com\/product\/yoast-seo-premium-wordpress\/ -->\n<title>O que \u00e9 relevante para as RP? - CARMA<\/title>\n<meta name=\"description\" content=\"Explorar os desafios e oportunidades aos quais, os profissionais de comunica\u00e7\u00e3o, l\u00edderes de RP e decisores de hoje, mais d\u00e3o import\u00e2ncia.\" \/>\n<meta name=\"robots\" content=\"index, follow, max-snippet:-1, max-image-preview:large, max-video-preview:-1\" \/>\n<link rel=\"canonical\" href=\"https:\/\/carma.com\/pt-pt\/o-que-e-relevante-para-as-rp\/\" \/>\n<meta property=\"og:locale\" content=\"pt_PT\" \/>\n<meta property=\"og:type\" content=\"article\" \/>\n<meta property=\"og:title\" content=\"O que \u00e9 relevante para as RP?\" \/>\n<meta property=\"og:description\" content=\"Explorar os desafios e oportunidades aos quais, os profissionais de comunica\u00e7\u00e3o, l\u00edderes de RP e decisores de hoje, mais d\u00e3o import\u00e2ncia.\" \/>\n<meta property=\"og:url\" content=\"https:\/\/carma.com\/pt-pt\/o-que-e-relevante-para-as-rp\/\" \/>\n<meta property=\"og:site_name\" content=\"CARMA\" \/>\n<meta property=\"article:publisher\" content=\"https:\/\/www.facebook.com\/CARMAGlobal\/\" \/>\n<meta property=\"article:modified_time\" content=\"2023-07-18T11:40:43+00:00\" \/>\n<meta property=\"og:image\" content=\"https:\/\/carma.com\/wp-content\/uploads\/2021\/01\/Subscribe-to-the-blog.svg\" \/>\n<meta name=\"twitter:card\" content=\"summary_large_image\" \/>\n<meta name=\"twitter:site\" content=\"@CARMA\" \/>\n<!-- \/ Yoast SEO Premium plugin. -->","yoast_head_json":{"title":"O que \u00e9 relevante para as RP? - CARMA","description":"Explorar os desafios e oportunidades aos quais, os profissionais de comunica\u00e7\u00e3o, l\u00edderes de RP e decisores de hoje, mais d\u00e3o import\u00e2ncia.","robots":{"index":"index","follow":"follow","max-snippet":"max-snippet:-1","max-image-preview":"max-image-preview:large","max-video-preview":"max-video-preview:-1"},"canonical":"https:\/\/carma.com\/pt-pt\/o-que-e-relevante-para-as-rp\/","og_locale":"pt_PT","og_type":"article","og_title":"O que \u00e9 relevante para as RP?","og_description":"Explorar os desafios e oportunidades aos quais, os profissionais de comunica\u00e7\u00e3o, l\u00edderes de RP e decisores de hoje, mais d\u00e3o import\u00e2ncia.","og_url":"https:\/\/carma.com\/pt-pt\/o-que-e-relevante-para-as-rp\/","og_site_name":"CARMA","article_publisher":"https:\/\/www.facebook.com\/CARMAGlobal\/","article_modified_time":"2023-07-18T11:40:43+00:00","og_image":[{"url":"https:\/\/carma.com\/wp-content\/uploads\/2021\/01\/Subscribe-to-the-blog.svg","type":"","width":"","height":""}],"twitter_card":"summary_large_image","twitter_site":"@CARMA","schema":{"@context":"https:\/\/schema.org","@graph":[{"@type":"WebPage","@id":"https:\/\/carma.com\/pt-pt\/o-que-e-relevante-para-as-rp\/","url":"https:\/\/carma.com\/pt-pt\/o-que-e-relevante-para-as-rp\/","name":"O que \u00e9 relevante para as RP? - CARMA","isPartOf":{"@id":"https:\/\/carma.com\/pt-pt\/#website"},"primaryImageOfPage":{"@id":"https:\/\/carma.com\/pt-pt\/o-que-e-relevante-para-as-rp\/#primaryimage"},"image":{"@id":"https:\/\/carma.com\/pt-pt\/o-que-e-relevante-para-as-rp\/#primaryimage"},"thumbnailUrl":"https:\/\/carma.com\/wp-content\/uploads\/2021\/01\/Subscribe-to-the-blog.svg","datePublished":"2023-07-18T11:40:42+00:00","dateModified":"2023-07-18T11:40:43+00:00","description":"Explorar os desafios e oportunidades aos quais, os profissionais de comunica\u00e7\u00e3o, l\u00edderes de RP e decisores de hoje, mais d\u00e3o import\u00e2ncia.","breadcrumb":{"@id":"https:\/\/carma.com\/pt-pt\/o-que-e-relevante-para-as-rp\/#breadcrumb"},"inLanguage":"pt-PT","potentialAction":[{"@type":"ReadAction","target":["https:\/\/carma.com\/pt-pt\/o-que-e-relevante-para-as-rp\/"]}]},{"@type":"ImageObject","inLanguage":"pt-PT","@id":"https:\/\/carma.com\/pt-pt\/o-que-e-relevante-para-as-rp\/#primaryimage","url":"https:\/\/carma.com\/wp-content\/uploads\/2021\/01\/Subscribe-to-the-blog.svg","contentUrl":"https:\/\/carma.com\/wp-content\/uploads\/2021\/01\/Subscribe-to-the-blog.svg"},{"@type":"BreadcrumbList","@id":"https:\/\/carma.com\/pt-pt\/o-que-e-relevante-para-as-rp\/#breadcrumb","itemListElement":[{"@type":"ListItem","position":1,"name":"Home","item":"https:\/\/carma.com\/pt-pt\/"},{"@type":"ListItem","position":2,"name":"O que \u00e9 relevante para as RP?"}]},{"@type":"WebSite","@id":"https:\/\/carma.com\/pt-pt\/#website","url":"https:\/\/carma.com\/pt-pt\/","name":"CARMA","description":"Delivering What Matters","publisher":{"@id":"https:\/\/carma.com\/pt-pt\/#organization"},"potentialAction":[{"@type":"SearchAction","target":{"@type":"EntryPoint","urlTemplate":"https:\/\/carma.com\/pt-pt\/?s={search_term_string}"},"query-input":{"@type":"PropertyValueSpecification","valueRequired":true,"valueName":"search_term_string"}}],"inLanguage":"pt-PT"},{"@type":"Organization","@id":"https:\/\/carma.com\/pt-pt\/#organization","name":"CARMA International Inc","url":"https:\/\/carma.com\/pt-pt\/","logo":{"@type":"ImageObject","inLanguage":"pt-PT","@id":"https:\/\/carma.com\/pt-pt\/#\/schema\/logo\/image\/","url":"https:\/\/carma.com\/wp-content\/uploads\/2021\/01\/CARMA-Logo.svg","contentUrl":"https:\/\/carma.com\/wp-content\/uploads\/2021\/01\/CARMA-Logo.svg","width":305.23,"height":313.36,"caption":"CARMA International Inc"},"image":{"@id":"https:\/\/carma.com\/pt-pt\/#\/schema\/logo\/image\/"},"sameAs":["https:\/\/www.facebook.com\/CARMAGlobal\/","https:\/\/x.com\/CARMA","https:\/\/www.instagram.com\/carmaglobal\/","https:\/\/www.linkedin.com\/company\/carma"]}]}},"publishpress_future_workflow_manual_trigger":{"enabledWorkflows":[]},"_links":{"self":[{"href":"https:\/\/carma.com\/pt-pt\/wp-json\/wp\/v2\/pages\/13761","targetHints":{"allow":["GET"]}}],"collection":[{"href":"https:\/\/carma.com\/pt-pt\/wp-json\/wp\/v2\/pages"}],"about":[{"href":"https:\/\/carma.com\/pt-pt\/wp-json\/wp\/v2\/types\/page"}],"author":[{"embeddable":true,"href":"https:\/\/carma.com\/pt-pt\/wp-json\/wp\/v2\/users\/60"}],"replies":[{"embeddable":true,"href":"https:\/\/carma.com\/pt-pt\/wp-json\/wp\/v2\/comments?post=13761"}],"version-history":[{"count":0,"href":"https:\/\/carma.com\/pt-pt\/wp-json\/wp\/v2\/pages\/13761\/revisions"}],"wp:attachment":[{"href":"https:\/\/carma.com\/pt-pt\/wp-json\/wp\/v2\/media?parent=13761"}],"curies":[{"name":"wp","href":"https:\/\/api.w.org\/{rel}","templated":true}]}}